{"id":3610,"date":"2019-12-13T12:42:57","date_gmt":"2019-12-13T12:42:57","guid":{"rendered":"https:\/\/biogasnet.eu\/?page_id=3610"},"modified":"2021-04-16T08:18:38","modified_gmt":"2021-04-16T08:18:38","slug":"politica-de-privacitat","status":"publish","type":"page","link":"https:\/\/biogasnet.eu\/ca\/politica-de-privacitat\/","title":{"rendered":"Pol\u00edtica de Privacitat"},"content":{"rendered":"\r\n<h4 class=\"wp-block-heading\">1. <strong>Qui \u00e9s el Responsable del Tractament de les seves dades personals?<\/strong><\/h4>\r\n\r\n\r\n\r\n<p class=\"wp-block-paragraph\"><strong>Responsable del Tractament: <\/strong>(\u201c<strong>Responsable<\/strong>\u201d) FUNDACI\u00d3 EURECAT(el\u00a0 \u201c<strong>Responsable<\/strong>\u201d)<\/p>\r\n<p><strong>C.I.F :<\/strong> G66210345<\/p>\r\n<p><strong>Adre\u00e7a:<\/strong> Parc Tecnol\u00f2gic del Vall\u00e8s, Avda. Universitat Aut\u00f2noma 23, 08290 Cerdanyola del Vall\u00e8s<\/p>\r\n<p><strong>Correu electr\u00f2nic<\/strong>: <a href=\"mailto:legal@eurecat.org\">legal@eurecat.org<\/a><\/p>\r\n<p><strong>Tel\u00e8fon<\/strong>: +34 93 238 14 00<\/p>\r\n<p><strong>Contacte del Delegat de Protecci\u00f3 de Dades: <\/strong><a href=\"mailto:dpo@eurecat.org\">dpo@eurecat.org<\/a><\/p>\r\n\r\n\r\n\r\n<h4 class=\"wp-block-heading\">2.\u00a0 <strong>Amb quina finalitat tractem les seves dades personals i quina \u00e9s la base de legitimaci\u00f3?<\/strong><\/h4>\r\n\r\n\r\n\r\n<p class=\"wp-block-paragraph\">La Web tracta dades identificatives (com el nom, email o tel\u00e8fon) que recull a trav\u00e9s del formulari de contacte amb la finalitat i objectiu de gestionar la comunicaci\u00f3 rebuda. La base de legitimaci\u00f3 d\u2019aquest tractament \u00e9s donar resposta a la comunicaci\u00f3.<\/p>\r\n<p>La Web tamb\u00e9 t\u00e9 acc\u00e9s a dades de la navegaci\u00f3 (IP, localitzaci\u00f3, navegador,&#8230;) fruit de la instal\u00b7laci\u00f3 de les cookies, en definitiva, es podran obtenir dades dels seus h\u00e0bits de navegaci\u00f3, amb la finalitat de poder millorar els continguts i serveis del Web. La base de legitimaci\u00f3 del tractament \u00e9s el consentiment de l\u2019usuari. Pot consultar m\u00e9s informaci\u00f3 al respecte a la <a href=\"https:\/\/biogasnet.eu\/ca\/cookies-policy\/\" target=\"_blank\" rel=\"noopener\">Pol\u00edtica de Cookies<\/a>.\u00a0<\/p>\r\n\r\n\r\n\r\n<h4 class=\"wp-block-heading\">3. <strong>Quan temps conservarem les seves dades personals? <\/strong><\/h4>\r\n\r\n\r\n\r\n<p class=\"wp-block-paragraph\">Les dades personals es conservaran mentre duri la finalitat per la que van ser prestades i no es sol\u00b7liciti la seva supressi\u00f3 o revocaci\u00f3, o com a m\u00e0xim dos anys despr\u00e9s de l\u2019obtenci\u00f3 del seu consentiment.<\/p>\r\n\r\n\r\n\r\n<h4 class=\"wp-block-heading\">4. <strong>A quins destinataris es comunicaran les seves dades?<\/strong><\/h4>\r\n\r\n\r\n\r\n<p class=\"wp-block-paragraph\">Les dades no es cediran a tercers, no obstant, els prove\u00efdors de serveis poden tenir-hi acc\u00e9s si per ra\u00f3 de l\u2019objecte de la contractaci\u00f3 \u00e9s requereix. En aquest sentit, l\u2019acc\u00e9s de les dades es far\u00e0 amb el marc legal espec\u00edfic i en qualsevol cas aquests tercers, no vendran, cediran, llogaran o posaran a disposici\u00f3 de tercers les dades a les que tingui acc\u00e9s aix\u00ed com s\u2019abstindr\u00e0 de tractar-les per a finalitats pr\u00f2pies o diferents.<\/p>\r\n<p>Les dades es podran cedir en cas d\u2019obligaci\u00f3 legal sense necessitat de consentiment, la resta de possibles cessions es faran mitjan\u00e7ant la seva autoritzaci\u00f3 expressa i degudament informada.<\/p>\r\n\r\n\r\n\r\n<h4 class=\"wp-block-heading\">5. <strong>Quins s\u00f3n els seus drets en relaci\u00f3 amb les seves dades personals?<\/strong><\/h4>\r\n\r\n\r\n\r\n<p class=\"wp-block-paragraph\">L\u2019usuari pot exercir el dret d\u2019acc\u00e9s a les seves dades personals, aix\u00ed com sol\u00b7licitar la rectificaci\u00f3 de les dades inexactes o, si escau, sol\u00b7licitar la seva supressi\u00f3 quan les dades ja no siguin necess\u00e0ries per a les finalitats que van ser recollides. Tamb\u00e9 podr\u00e0 sol\u00b7licitar la limitaci\u00f3, portabilitat i oposici\u00f3 del tractament de les seves dades, en determinades circumst\u00e0ncies i per motius relacionats amb la seva situaci\u00f3 particular.<\/p>\r\n<p>Igualment, t\u00e9 dret a revocar el seu consentiment en qualsevol moment sense que aix\u00f2 afecti de manera retroactiva al tractament de dades personals realitzat fins al moment.<\/p>\r\n<p>L\u2019Usuari podr\u00e0 exercitar els seus drets referits anteriorment, en els termes i condicions previstes a la legislaci\u00f3 vigent, en el domicili social esmenat a l\u2019encap\u00e7alament o sol\u00b7licitar-ho mitjan\u00e7ant l\u2019enviament d\u2019un correu electr\u00f2nic a <a href=\"mailto:legal@eurecat.org\">legal@eurecat.org<\/a> \u00a0<\/p>\r\n<p>En el sup\u00f2sit que no obtingui una resposta satisfact\u00f2ria i desitgi formular una reclamaci\u00f3 o obtenir m\u00e9s informaci\u00f3 al respecte de qualsevol d\u2019aquests drets, pot acudir a l\u2019Ag\u00e8ncia Espanyola de Protecci\u00f3 de Dades \u00a0(<a href=\"http:\/\/www.agpd.es\" target=\"_blank\" rel=\"noopener\">www.agpd.es<\/a> &#8211; C\/ Jorge Juan, 6 de Madrid).<\/p>\r\n\r\n\r\n\r\n<h4 class=\"wp-block-heading\">6.\u00a0<strong>Decisions automatitzades i elaboraci\u00f3 de perfils<\/strong><\/h4>\r\n\r\n\r\n\r\n<p class=\"wp-block-paragraph\">S\u2019informa que les dades personals no estan sotmeses a decisions automatitzades. Addicionalment, s\u2019informa que els dades personals poden ser processades de forma que s\u2019elaborin perfils en conson\u00e0ncia amb les cookies que l\u2019usuari hagi autoritzat la instal\u00b7laci\u00f3, per m\u00e9s informaci\u00f3 consulti la <a href=\"https:\/\/biogasnet.eu\/ca\/cookies-policy\/\" target=\"_blank\" rel=\"noopener\">Pol\u00edtica de Cookies<\/a>.\u00a0<\/p>\r\n\r\n\r\n\r\n<h4 class=\"wp-block-heading\">7. <strong>Es realitzen transfer\u00e8ncies internacionals de dades?<\/strong><\/h4>\r\n\r\n\r\n\r\n<p class=\"wp-block-paragraph\">En principi, les dades no estan subjectes a transfer\u00e8ncies internacionals de dades fora de l\u2019Espai Econ\u00f2mic Europeu. Sense perjudici de l\u2019anterior, el Responsable pot tenir prove\u00efdors de serveis que estiguin ubicats fora de la Uni\u00f3 Europea o que prestin els seus serveis fora. En aquest sentit, el Responsable assegura que les dades personals seran tractades d\u2019acord amb les requisits que la legislaci\u00f3 estableix a tal efecte els quals poder ser mitjan\u00e7ant la inclusi\u00f3 de cl\u00e0usules contractuals est\u00e0ndard en el marc de les relacions contractuals amb el prove\u00efdor, o b\u00e9, mitjan\u00e7ant certificacions de privacitat, ambdues mesures aprovades per la Uni\u00f3 Europea<\/p>\r\n\r\n\r\n\r\n<h4 class=\"wp-block-heading\">8. <strong>Quines mesures de seguretat t\u00e9 implantades el Responsable?<\/strong><\/h4>\r\n\r\n\r\n\r\n<p class=\"wp-block-paragraph\">El Responsable informa que t\u00e9 implantades les mesures de seguretat d&#8217;\u00edndole t\u00e8cnica i organitzatives necess\u00e0ries que garanteixen la seguretat de les dades de car\u00e0cter personal de l&#8217;usuari i eviten la seva alteraci\u00f3, p\u00e8rdua, tractament i\/o acc\u00e9s no autoritzat d&#8217;acord amb l&#8217;estat de la tecnologia, la naturalesa de les dades emmagatzemades i els riscos als qu\u00e8 estan exposats, tant si provenen de l&#8217;acci\u00f3 humana o del medi f\u00edsic o natural, de conformitat amb el que preveu la normativa vigent.<\/p>\r\n\r\n\r\n\r\n<h4 class=\"wp-block-heading\">9. Xarxes socials<\/h4>\r\n\r\n\r\n\r\n<p class=\"wp-block-paragraph\">Fundaci\u00f3 Eurecat disposa de perfils a diferents xarxes socials amb la finalitat de publicar i difondre informaci\u00f3 sobre els serveis prestats a trav\u00e9s de la p\u00e0gina web, interactuar amb els usuaris i servir de canal d\u2019atenci\u00f3 i interacci\u00f3 social.<\/p>\r\n<p>A continuaci\u00f3, els enllacem les pol\u00edtiques de privacitat de les xarxes socials en les quals el Responsable t\u00e9 perfil obert:<\/p>\r\n\r\n\r\n\r\n<p class=\"wp-block-paragraph\">Twitter: <a href=\"https:\/\/twitter.com\/es\/privacy\" target=\"_blank\" rel=\"noreferrer noopener\">https:\/\/twitter.com\/es\/privacy<\/a><\/p>\r\n\r\n\r\n\r\n<p class=\"wp-block-paragraph\">YouTube: <a href=\"https:\/\/www.youtube.com\/intl\/es\/yt\/about\/policies\/#community-guidelines\" target=\"_blank\" rel=\"noreferrer noopener\">https:\/\/www.youtube.com\/intl\/es\/yt\/about\/policies\/#community-guidelines<\/a><\/p>\r\n\r\n\r\n\r\n<p class=\"wp-block-paragraph\">LinkedIn: <a href=\"https:\/\/www.linkedin.com\/legal\/privacy-policy?_l=es_ES\" target=\"_blank\" rel=\"noreferrer noopener\">https:\/\/www.linkedin.com\/legal\/privacy-policy?_l=es_ES<\/a><\/p>\r\n","protected":false},"excerpt":{"rendered":"<p>1. Qui \u00e9s el Responsable del Tractament de les seves dades personals? Responsable del Tractament: (\u201cResponsable\u201d) FUNDACI\u00d3 EURECAT(el\u00a0 \u201cResponsable\u201d) C.I.F : G66210345 Adre\u00e7a: Parc Tecnol\u00f2gic del Vall\u00e8s, Avda. Universitat Aut\u00f2noma 23, 08290 Cerdanyola del Vall\u00e8s Correu electr\u00f2nic: legal@eurecat.org Tel\u00e8fon: +34 93 238 14 00 Contacte del Delegat de Protecci\u00f3 de Dades: dpo@eurecat.org 2.\u00a0 Amb quina&hellip;<\/p>\n","protected":false},"author":1,"featured_media":0,"parent":0,"menu_order":0,"comment_status":"closed","ping_status":"closed","template":"","meta":{"footnotes":""},"class_list":["post-3610","page","type-page","status-publish","hentry","description-off"],"yoast_head":"<!-- This site is optimized with the Yoast SEO plugin v28.4 - https:\/\/yoast.com\/product\/yoast-seo-wordpress\/ -->\n<title>Pol\u00edtica de Privacitat - biogasnet.eu<\/title>\n<meta name=\"robots\" content=\"index, follow, max-snippet:-1, max-image-preview:large, max-video-preview:-1\" \/>\n<link rel=\"canonical\" href=\"https:\/\/biogasnet.eu\/ca\/politica-de-privacitat\/\" \/>\n<meta property=\"og:locale\" content=\"ca_ES\" \/>\n<meta property=\"og:type\" content=\"article\" \/>\n<meta property=\"og:title\" content=\"Pol\u00edtica de Privacitat - biogasnet.eu\" \/>\n<meta property=\"og:description\" content=\"1. Qui \u00e9s el Responsable del Tractament de les seves dades personals? Responsable del Tractament: (\u201cResponsable\u201d) FUNDACI\u00d3 EURECAT(el\u00a0 \u201cResponsable\u201d) C.I.F : G66210345 Adre\u00e7a: Parc Tecnol\u00f2gic del Vall\u00e8s, Avda. Universitat Aut\u00f2noma 23, 08290 Cerdanyola del Vall\u00e8s Correu electr\u00f2nic: legal@eurecat.org Tel\u00e8fon: +34 93 238 14 00 Contacte del Delegat de Protecci\u00f3 de Dades: dpo@eurecat.org 2.\u00a0 Amb quina&hellip;\" \/>\n<meta property=\"og:url\" content=\"https:\/\/biogasnet.eu\/ca\/politica-de-privacitat\/\" \/>\n<meta property=\"og:site_name\" content=\"biogasnet.eu\" \/>\n<meta property=\"article:modified_time\" content=\"2021-04-16T08:18:38+00:00\" \/>\n<meta name=\"twitter:card\" content=\"summary_large_image\" \/>\n<meta name=\"twitter:label1\" content=\"Temps estimat de lectura\" \/>\n\t<meta name=\"twitter:data1\" content=\"4 minuts\" \/>\n<script type=\"application\/ld+json\" class=\"yoast-schema-graph\">{\"@context\":\"https:\\\/\\\/schema.org\",\"@graph\":[{\"@type\":\"WebPage\",\"@id\":\"https:\\\/\\\/biogasnet.eu\\\/ca\\\/politica-de-privacitat\\\/\",\"url\":\"https:\\\/\\\/biogasnet.eu\\\/ca\\\/politica-de-privacitat\\\/\",\"name\":\"Pol\u00edtica de Privacitat - biogasnet.eu\",\"isPartOf\":{\"@id\":\"https:\\\/\\\/biogasnet.eu\\\/#website\"},\"datePublished\":\"2019-12-13T12:42:57+00:00\",\"dateModified\":\"2021-04-16T08:18:38+00:00\",\"breadcrumb\":{\"@id\":\"https:\\\/\\\/biogasnet.eu\\\/ca\\\/politica-de-privacitat\\\/#breadcrumb\"},\"inLanguage\":\"ca\",\"potentialAction\":[{\"@type\":\"ReadAction\",\"target\":[\"https:\\\/\\\/biogasnet.eu\\\/ca\\\/politica-de-privacitat\\\/\"]}]},{\"@type\":\"BreadcrumbList\",\"@id\":\"https:\\\/\\\/biogasnet.eu\\\/ca\\\/politica-de-privacitat\\\/#breadcrumb\",\"itemListElement\":[{\"@type\":\"ListItem\",\"position\":1,\"name\":\"Portada\",\"item\":\"https:\\\/\\\/biogasnet.eu\\\/ca\\\/\"},{\"@type\":\"ListItem\",\"position\":2,\"name\":\"Pol\u00edtica de Privacitat\"}]},{\"@type\":\"WebSite\",\"@id\":\"https:\\\/\\\/biogasnet.eu\\\/#website\",\"url\":\"https:\\\/\\\/biogasnet.eu\\\/\",\"name\":\"biogasnet.eu\",\"description\":\"biogasnet.eu\",\"potentialAction\":[{\"@type\":\"SearchAction\",\"target\":{\"@type\":\"EntryPoint\",\"urlTemplate\":\"https:\\\/\\\/biogasnet.eu\\\/?s={search_term_string}\"},\"query-input\":{\"@type\":\"PropertyValueSpecification\",\"valueRequired\":true,\"valueName\":\"search_term_string\"}}],\"inLanguage\":\"ca\"}]}<\/script>\n<!-- \/ Yoast SEO plugin. -->","yoast_head_json":{"title":"Pol\u00edtica de Privacitat - biogasnet.eu","robots":{"index":"index","follow":"follow","max-snippet":"max-snippet:-1","max-image-preview":"max-image-preview:large","max-video-preview":"max-video-preview:-1"},"canonical":"https:\/\/biogasnet.eu\/ca\/politica-de-privacitat\/","og_locale":"ca_ES","og_type":"article","og_title":"Pol\u00edtica de Privacitat - biogasnet.eu","og_description":"1. Qui \u00e9s el Responsable del Tractament de les seves dades personals? Responsable del Tractament: (\u201cResponsable\u201d) FUNDACI\u00d3 EURECAT(el\u00a0 \u201cResponsable\u201d) C.I.F : G66210345 Adre\u00e7a: Parc Tecnol\u00f2gic del Vall\u00e8s, Avda. Universitat Aut\u00f2noma 23, 08290 Cerdanyola del Vall\u00e8s Correu electr\u00f2nic: legal@eurecat.org Tel\u00e8fon: +34 93 238 14 00 Contacte del Delegat de Protecci\u00f3 de Dades: dpo@eurecat.org 2.\u00a0 Amb quina&hellip;","og_url":"https:\/\/biogasnet.eu\/ca\/politica-de-privacitat\/","og_site_name":"biogasnet.eu","article_modified_time":"2021-04-16T08:18:38+00:00","twitter_card":"summary_large_image","twitter_misc":{"Temps estimat de lectura":"4 minuts"},"schema":{"@context":"https:\/\/schema.org","@graph":[{"@type":"WebPage","@id":"https:\/\/biogasnet.eu\/ca\/politica-de-privacitat\/","url":"https:\/\/biogasnet.eu\/ca\/politica-de-privacitat\/","name":"Pol\u00edtica de Privacitat - biogasnet.eu","isPartOf":{"@id":"https:\/\/biogasnet.eu\/#website"},"datePublished":"2019-12-13T12:42:57+00:00","dateModified":"2021-04-16T08:18:38+00:00","breadcrumb":{"@id":"https:\/\/biogasnet.eu\/ca\/politica-de-privacitat\/#breadcrumb"},"inLanguage":"ca","potentialAction":[{"@type":"ReadAction","target":["https:\/\/biogasnet.eu\/ca\/politica-de-privacitat\/"]}]},{"@type":"BreadcrumbList","@id":"https:\/\/biogasnet.eu\/ca\/politica-de-privacitat\/#breadcrumb","itemListElement":[{"@type":"ListItem","position":1,"name":"Portada","item":"https:\/\/biogasnet.eu\/ca\/"},{"@type":"ListItem","position":2,"name":"Pol\u00edtica de Privacitat"}]},{"@type":"WebSite","@id":"https:\/\/biogasnet.eu\/#website","url":"https:\/\/biogasnet.eu\/","name":"biogasnet.eu","description":"biogasnet.eu","potentialAction":[{"@type":"SearchAction","target":{"@type":"EntryPoint","urlTemplate":"https:\/\/biogasnet.eu\/?s={search_term_string}"},"query-input":{"@type":"PropertyValueSpecification","valueRequired":true,"valueName":"search_term_string"}}],"inLanguage":"ca"}]}},"_links":{"self":[{"href":"https:\/\/biogasnet.eu\/ca\/wp-json\/wp\/v2\/pages\/3610","targetHints":{"allow":["GET"]}}],"collection":[{"href":"https:\/\/biogasnet.eu\/ca\/wp-json\/wp\/v2\/pages"}],"about":[{"href":"https:\/\/biogasnet.eu\/ca\/wp-json\/wp\/v2\/types\/page"}],"author":[{"embeddable":true,"href":"https:\/\/biogasnet.eu\/ca\/wp-json\/wp\/v2\/users\/1"}],"replies":[{"embeddable":true,"href":"https:\/\/biogasnet.eu\/ca\/wp-json\/wp\/v2\/comments?post=3610"}],"version-history":[{"count":0,"href":"https:\/\/biogasnet.eu\/ca\/wp-json\/wp\/v2\/pages\/3610\/revisions"}],"wp:attachment":[{"href":"https:\/\/biogasnet.eu\/ca\/wp-json\/wp\/v2\/media?parent=3610"}],"curies":[{"name":"wp","href":"https:\/\/api.w.org\/{rel}","templated":true}]}}